{"id":1696,"date":"2026-08-24T11:25:52","date_gmt":"2026-08-24T09:25:52","guid":{"rendered":"https:\/\/www.motoclubeuropa.com\/?post_type=tribe_events&#038;p=1696"},"modified":"2026-08-24T11:31:40","modified_gmt":"2026-08-24T09:31:40","slug":"sortie-historique-wwii-au-luxembourg","status":"publish","type":"tribe_events","link":"https:\/\/www.motoclubeuropa.com\/index.php\/event\/sortie-historique-wwii-au-luxembourg\/","title":{"rendered":"\ud83c\udfcd\ufe0f Sortie historique WWII au Luxembourg"},"content":{"rendered":"<p class=\"isSelectedEnd\">&nbsp;Le Moto Club Europa vous propose une journ\u00e9e \u00e0 moto consacr\u00e9e aux principaux lieux de m\u00e9moire de la Bataille des Ardennes au Luxembourg. \ud83e\ude96<\/p>\n<p class=\"isSelectedEnd\">Cette balade nous conduira sur de belles routes \u00e0 travers le nord du pays, avec plusieurs arr\u00eats permettant de d\u00e9couvrir les monuments, mus\u00e9es et sites li\u00e9s aux combats de l\u2019hiver 1944-1945. Des explications historiques fond\u00e9es sur les rapports de l\u2019arm\u00e9e am\u00e9ricaine accompagneront les diff\u00e9rentes \u00e9tapes. \ud83c\uddfa\ud83c\uddf8\ud83d\udcdc<\/p>\n<p class=\"isSelectedEnd\">Cette boucle d\u2019environ <strong>155 \u00e0 165 km<\/strong> nous conduira \u00e0 travers l\u2019\u00c9islek, sur de belles routes enti\u00e8rement asphalt\u00e9es. Plusieurs arr\u00eats accessibles aux motos permettront de d\u00e9couvrir les monuments, mus\u00e9es et lieux o\u00f9 les soldats am\u00e9ricains combattirent durant l\u2019hiver 1944-1945.<\/p>\n<p>&nbsp;<\/p>\n<p class=\"isSelectedEnd\"><img loading=\"lazy\" decoding=\"async\" class=\"alignnone wp-image-1704\" src=\"https:\/\/www.motoclubeuropa.com\/wp-content\/uploads\/2026\/08\/Itineraire.png\" alt=\"\" width=\"594\" height=\"526\" srcset=\"https:\/\/www.motoclubeuropa.com\/wp-content\/uploads\/2026\/08\/Itineraire.png 1831w, https:\/\/www.motoclubeuropa.com\/wp-content\/uploads\/2026\/08\/Itineraire-300x265.png 300w, https:\/\/www.motoclubeuropa.com\/wp-content\/uploads\/2026\/08\/Itineraire-1024x906.png 1024w, https:\/\/www.motoclubeuropa.com\/wp-content\/uploads\/2026\/08\/Itineraire-768x679.png 768w, https:\/\/www.motoclubeuropa.com\/wp-content\/uploads\/2026\/08\/Itineraire-1536x1359.png 1536w\" sizes=\"auto, (max-width: 594px) 100vw, 594px\" \/><\/p>\n<p class=\"isSelectedEnd\">\ud83d\udcdc Des explications historiques, notamment fond\u00e9es sur les rapports de l\u2019arm\u00e9e am\u00e9ricaine, accompagneront les principales \u00e9tapes.<\/p>\n<h3>\ud83d\uddfa\ufe0f R\u00e9capitulatif du parcours<\/h3>\n<p>\ud83d\udccd <strong>Ettelbruck<\/strong> \u2013 Patton Square et monument du g\u00e9n\u00e9ral Patton<br \/>\n\ud83d\udccd <strong>Diekirch<\/strong> \u2013 Mus\u00e9e national d\u2019histoire militaire<br \/>\n\ud83d\udccd <strong>Brandenbourg et Consthum<\/strong> \u2013 m\u00e9morial du 110th Infantry Regiment<br \/>\n\ud83d\udccd <strong>Hosingen<\/strong> \u2013 Memorial Parc Housen<br \/>\n\ud83d\udccd <strong>Vall\u00e9e de l\u2019Our et Marnach<\/strong> \u2013 m\u00e9morial de la 28th Infantry Division et du 707th Tank Battalion<br \/>\n\ud83d\udccd <strong>Clervaux<\/strong> \u2013 char Sherman, ch\u00e2teau et Mus\u00e9e de la Bataille des Ardennes<br \/>\n\ud83d\udccd <strong>Wiltz<\/strong> \u2013 char Sherman, ch\u00e2teau, mus\u00e9e et monuments comm\u00e9moratifs<br \/>\n\ud83d\udccd <strong>Esch-sur-S\u00fbre<\/strong> \u2013 pause photo dans la vall\u00e9e de la S\u00fbre \ud83d\udcf8<br \/>\n\ud83d\udccd <strong>Bourscheid<\/strong> \u2013 retour panoramique vers Ettelbruck \ud83c\udfde\ufe0f<\/p>\n<p>\ud83d\udcc5 <strong>Date :<\/strong> samedi 19 septembre 2026<br \/>\n\u23f1\ufe0f <strong>Dur\u00e9e :<\/strong> journ\u00e9e compl\u00e8te<br \/>\n\ud83d\udccd <strong>R\u00e9gion :<\/strong> nord du Luxembourg<br \/>\n\ud83c\udf27\ufe0f <strong>Date de report en cas de mauvaise m\u00e9t\u00e9o :<\/strong> samedi 26 septembre 2026<\/p>\n<p><a href=\"https:\/\/www.motoclubeuropa.com\/wp-content\/uploads\/2026\/08\/Roadbook_Moto_Club_Europa_Memoire_Ardennes_Luxembourg.pdf\">Roadbook_Moto_Club_Europa_Memoire_Ardennes_Luxembourg<\/a><\/p>\n","protected":false},"excerpt":{"rendered":"<p>&nbsp;Le Moto Club Europa vous propose une journ\u00e9e \u00e0 moto consacr\u00e9e aux principaux lieux de m\u00e9moire de la Bataille des Ardennes au Luxembourg. \ud83e\ude96 Cette balade nous conduira sur de [&hellip;]<\/p>\n","protected":false},"author":1,"featured_media":0,"comment_status":"closed","ping_status":"closed","template":"","meta":{"ngg_post_thumbnail":0,"_price":"","_stock":"","_tribe_ticket_header":"","_tribe_default_ticket_provider":"","_tribe_ticket_capacity":"0","_ticket_start_date":"","_ticket_end_date":"","_tribe_ticket_show_description":"","_tribe_ticket_show_not_going":false,"_tribe_ticket_use_global_stock":"","_tribe_ticket_global_stock_level":"","_global_stock_mode":"","_global_stock_cap":"","_tribe_rsvp_for_event":"","_tribe_ticket_going_count":"","_tribe_ticket_not_going_count":"","_tribe_tickets_list":"[]","_tribe_ticket_has_attendee_info_fields":false,"_tribe_events_status":"","_tribe_events_status_reason":"","footnotes":"","_tec_slr_enabled":"","_tec_slr_layout":""},"tags":[],"tribe_events_cat":[],"class_list":["post-1696","tribe_events","type-tribe_events","status-publish","hentry"],"ticketed":false,"_links":{"self":[{"href":"https:\/\/www.motoclubeuropa.com\/index.php\/wp-json\/wp\/v2\/tribe_events\/1696","targetHints":{"allow":["GET"]}}],"collection":[{"href":"https:\/\/www.motoclubeuropa.com\/index.php\/wp-json\/wp\/v2\/tribe_events"}],"about":[{"href":"https:\/\/www.motoclubeuropa.com\/index.php\/wp-json\/wp\/v2\/types\/tribe_events"}],"author":[{"embeddable":true,"href":"https:\/\/www.motoclubeuropa.com\/index.php\/wp-json\/wp\/v2\/users\/1"}],"replies":[{"embeddable":true,"href":"https:\/\/www.motoclubeuropa.com\/index.php\/wp-json\/wp\/v2\/comments?post=1696"}],"version-history":[{"count":7,"href":"https:\/\/www.motoclubeuropa.com\/index.php\/wp-json\/wp\/v2\/tribe_events\/1696\/revisions"}],"predecessor-version":[{"id":1706,"href":"https:\/\/www.motoclubeuropa.com\/index.php\/wp-json\/wp\/v2\/tribe_events\/1696\/revisions\/1706"}],"wp:attachment":[{"href":"https:\/\/www.motoclubeuropa.com\/index.php\/wp-json\/wp\/v2\/media?parent=1696"}],"wp:term":[{"taxonomy":"post_tag","embeddable":true,"href":"https:\/\/www.motoclubeuropa.com\/index.php\/wp-json\/wp\/v2\/tags?post=1696"},{"taxonomy":"tribe_events_cat","embeddable":true,"href":"https:\/\/www.motoclubeuropa.com\/index.php\/wp-json\/wp\/v2\/tribe_events_cat?post=1696"}],"curies":[{"name":"wp","href":"https:\/\/api.w.org\/{rel}","templated":true}]}}